{"id":826,"date":"2024-01-17T16:31:50","date_gmt":"2024-01-17T15:31:50","guid":{"rendered":"https:\/\/beta.kingstone-re.com\/?post_type=webinar&#038;p=826"},"modified":"2025-08-17T16:33:10","modified_gmt":"2025-08-17T14:33:10","slug":"deutschland-notwendigkeit-einer-agenda-2030-fuer-volkswirtschaft-immobilienmarkt","status":"publish","type":"webinar","link":"https:\/\/kingstone.bald-fertig.de\/en\/webinar\/deutschland-notwendigkeit-einer-agenda-2030-fuer-volkswirtschaft-immobilienmarkt\/","title":{"rendered":"Deutschland: Notwendigkeit einer \u201eAgenda 2030\u201c f\u00fcr Volkswirtschaft &#038; Immobilienmarkt?"},"content":{"rendered":"<p>Die deutsche Volkswirtschaft sieht sich mit vielf\u00e4ltigen Problemen konfrontiert und steht vor gro\u00dfen Herausforderungen. Ist Deutschland vermeintlich wieder der \u201ekranke Mann Europas\u201c? Und sind die Schwierigkeiten auf eine kurzfristige Konjunkturschw\u00e4che zur\u00fcckzuf\u00fchren oder vielmehr von struktureller Natur? Gemeinsam mit Carsten Mumm \u2013 Chefvolkswirt der Privatbank Donner &amp; Reuschel \u2013 haben wir uns diesen Fragen gewidmet und eruierten anhand der \u201eAgenda 2030\u201c L\u00f6sungsm\u00f6glichkeiten. Abgerundet wurde das Webinar mit einer Beurteilung, ob die Fiskalpolitik den Herausforderungen auf den Immobilienm\u00e4rkten ausreichend Beachtung schenkt.<\/p>\n","protected":false},"featured_media":0,"template":"","meta":{"_acf_changed":false},"tags":[],"class_list":["post-826","webinar","type-webinar","status-publish","hentry"],"acf":[],"_links":{"self":[{"href":"https:\/\/kingstone.bald-fertig.de\/en\/wp-json\/wp\/v2\/webinar\/826","targetHints":{"allow":["GET"]}}],"collection":[{"href":"https:\/\/kingstone.bald-fertig.de\/en\/wp-json\/wp\/v2\/webinar"}],"about":[{"href":"https:\/\/kingstone.bald-fertig.de\/en\/wp-json\/wp\/v2\/types\/webinar"}],"wp:attachment":[{"href":"https:\/\/kingstone.bald-fertig.de\/en\/wp-json\/wp\/v2\/media?parent=826"}],"wp:term":[{"taxonomy":"post_tag","embeddable":true,"href":"https:\/\/kingstone.bald-fertig.de\/en\/wp-json\/wp\/v2\/tags?post=826"}],"curies":[{"name":"wp","href":"https:\/\/api.w.org\/{rel}","templated":true}]}}